{"id":237,"date":"2018-02-06T15:43:55","date_gmt":"2018-02-06T14:43:55","guid":{"rendered":"http:\/\/schelphof.de\/wpnpz1\/?page_id=237"},"modified":"2020-01-14T11:36:00","modified_gmt":"2020-01-14T10:36:00","slug":"kulturland-schelphof","status":"publish","type":"page","link":"https:\/\/schelphof.de\/wpnpz1\/npz\/kulturland-schelphof\/","title":{"rendered":"KulturLand Schelphof"},"content":{"rendered":"<p>Das KulturLand Schelphof will mit dem <strong>Erlebnispfad Land[wirtschaft]<\/strong> Zusammenh\u00e4nge sichtbar machen und\u00a0 Anreize zur Auseinandersetzung bieten. Der Erlebnispfad ist jederzeit \u00f6ffentlich zug\u00e4nglich.<\/p>\n<p><img loading=\"lazy\" decoding=\"async\" class=\" wp-image-330 alignright\" src=\"http:\/\/schelphof.de\/wpnpz1\/wp-content\/uploads\/KulturLand-Bett-im-Kornfeld-320x240.jpg\" alt=\"\" width=\"233\" height=\"175\" srcset=\"https:\/\/schelphof.de\/wpnpz1\/wp-content\/uploads\/KulturLand-Bett-im-Kornfeld-320x240.jpg 320w, https:\/\/schelphof.de\/wpnpz1\/wp-content\/uploads\/KulturLand-Bett-im-Kornfeld-768x576.jpg 768w, https:\/\/schelphof.de\/wpnpz1\/wp-content\/uploads\/KulturLand-Bett-im-Kornfeld-1024x768.jpg 1024w, https:\/\/schelphof.de\/wpnpz1\/wp-content\/uploads\/KulturLand-Bett-im-Kornfeld.jpg 1600w\" sizes=\"auto, (max-width: 233px) 100vw, 233px\" \/>Von 2005 bis 2007 besch\u00e4ftigten sich in diesem Bildungsprojekt mehr als 20 Kooperationspartner Innen mit Fragen wie: Was hei\u00dft Kulturlandschaft? Wie ist sie entstanden, wie ver\u00e4ndert sie sich? Welchen Einflu\u00df hat darauf die [\u00f6kologische] Landwirtschaft? Welche Rolle spielt der Mensch bei dieser Ver\u00e4nderung?<\/p>\n<p>Weitere Informationen finden Sie im Rundf\u00fchrer und in der Infobrosch\u00fcre, die Sie im Infopavillon am Schelphof erhalten.<\/p>\n<p>&nbsp;<\/p>\n","protected":false},"excerpt":{"rendered":"<p>Das KulturLand Schelphof will mit dem Erlebnispfad Land[wirtschaft] Zusammenh\u00e4nge sichtbar machen und\u00a0 Anreize zur Auseinandersetzung bieten. Der Erlebnispfad ist jederzeit \u00f6ffentlich zug\u00e4nglich. Von 2005 bis 2007 besch\u00e4ftigten sich in diesem Bildungsprojekt mehr als 20 Kooperationspartner Innen mit Fragen wie: Was hei\u00dft Kulturlandschaft? Wie ist sie entstanden, wie ver\u00e4ndert sie sich? Welchen Einflu\u00df hat darauf die &hellip;<\/p>\n","protected":false},"author":2,"featured_media":0,"parent":206,"menu_order":5,"comment_status":"closed","ping_status":"closed","template":"","meta":{"footnotes":""},"class_list":["post-237","page","type-page","status-publish","hentry"],"_links":{"self":[{"href":"https:\/\/schelphof.de\/wpnpz1\/wp-json\/wp\/v2\/pages\/237","targetHints":{"allow":["GET"]}}],"collection":[{"href":"https:\/\/schelphof.de\/wpnpz1\/wp-json\/wp\/v2\/pages"}],"about":[{"href":"https:\/\/schelphof.de\/wpnpz1\/wp-json\/wp\/v2\/types\/page"}],"author":[{"embeddable":true,"href":"https:\/\/schelphof.de\/wpnpz1\/wp-json\/wp\/v2\/users\/2"}],"replies":[{"embeddable":true,"href":"https:\/\/schelphof.de\/wpnpz1\/wp-json\/wp\/v2\/comments?post=237"}],"version-history":[{"count":8,"href":"https:\/\/schelphof.de\/wpnpz1\/wp-json\/wp\/v2\/pages\/237\/revisions"}],"predecessor-version":[{"id":782,"href":"https:\/\/schelphof.de\/wpnpz1\/wp-json\/wp\/v2\/pages\/237\/revisions\/782"}],"up":[{"embeddable":true,"href":"https:\/\/schelphof.de\/wpnpz1\/wp-json\/wp\/v2\/pages\/206"}],"wp:attachment":[{"href":"https:\/\/schelphof.de\/wpnpz1\/wp-json\/wp\/v2\/media?parent=237"}],"curies":[{"name":"wp","href":"https:\/\/api.w.org\/{rel}","templated":true}]}}