{"id":169,"date":"2018-02-06T10:56:54","date_gmt":"2018-02-06T09:56:54","guid":{"rendered":"http:\/\/schelphof.de\/wpnpz1\/?page_id=169"},"modified":"2026-01-19T13:43:18","modified_gmt":"2026-01-19T12:43:18","slug":"ostern","status":"publish","type":"page","link":"https:\/\/schelphof.de\/wpnpz1\/ferienangebote-offene-nachmittage\/ostern\/","title":{"rendered":"Osterferien 2026"},"content":{"rendered":"<p><img loading=\"lazy\" decoding=\"async\" class=\"wp-image-637 size-medium alignright\" src=\"http:\/\/schelphof.de\/wpnpz1\/wp-content\/uploads\/IMG_5703-320x240.jpg\" alt=\"\" width=\"320\" height=\"240\" srcset=\"https:\/\/schelphof.de\/wpnpz1\/wp-content\/uploads\/IMG_5703-320x240.jpg 320w, https:\/\/schelphof.de\/wpnpz1\/wp-content\/uploads\/IMG_5703-768x576.jpg 768w, https:\/\/schelphof.de\/wpnpz1\/wp-content\/uploads\/IMG_5703-1024x768.jpg 1024w, https:\/\/schelphof.de\/wpnpz1\/wp-content\/uploads\/IMG_5703.jpg 1142w\" sizes=\"auto, (max-width: 320px) 100vw, 320px\" \/><\/p>\n<p><strong>Lebendige Natur!<br \/>\n<\/strong><\/p>\n<p>Vom <strong>30.03.- 02.04.2026<\/strong>\u00a0findet unser Osterprojekt f\u00fcr 7- bis 11-j\u00e4hrige Kinder statt.<\/p>\n<p style=\"text-align: left;\">Wir bewegen uns durch Wiese, Bach, Wald und Flur. Spiel, Spa\u00df und kreative Aktionen in der Natur stehen im Mittelpunkt. T\u00e4glich erleben wir ein anderes St\u00fcck der Umgebung des Schelphofes.<\/p>\n<p>In Kleingruppen werden die Kinder von 9 &#8211; 14 Uhr betreut.<\/p>\n<p>Kostenbeitrag pro Kind 25,-\u20ac<\/p>\n<p><strong>Infos und Anmeldung unter: 0521 304 40 63<\/strong><\/p>\n<p>Die Durchf\u00fchrung des Projektes wird gef\u00f6rdert.<\/p>\n","protected":false},"excerpt":{"rendered":"<p>Lebendige Natur! Vom 30.03.- 02.04.2026\u00a0findet unser Osterprojekt f\u00fcr 7- bis 11-j\u00e4hrige Kinder statt. Wir bewegen uns durch Wiese, Bach, Wald und Flur. Spiel, Spa\u00df und kreative Aktionen in der Natur stehen im Mittelpunkt. T\u00e4glich erleben wir ein anderes St\u00fcck der Umgebung des Schelphofes. In Kleingruppen werden die Kinder von 9 &#8211; 14 Uhr betreut. Kostenbeitrag &hellip;<\/p>\n","protected":false},"author":2,"featured_media":0,"parent":160,"menu_order":1,"comment_status":"closed","ping_status":"closed","template":"","meta":{"footnotes":""},"class_list":["post-169","page","type-page","status-publish","hentry"],"_links":{"self":[{"href":"https:\/\/schelphof.de\/wpnpz1\/wp-json\/wp\/v2\/pages\/169","targetHints":{"allow":["GET"]}}],"collection":[{"href":"https:\/\/schelphof.de\/wpnpz1\/wp-json\/wp\/v2\/pages"}],"about":[{"href":"https:\/\/schelphof.de\/wpnpz1\/wp-json\/wp\/v2\/types\/page"}],"author":[{"embeddable":true,"href":"https:\/\/schelphof.de\/wpnpz1\/wp-json\/wp\/v2\/users\/2"}],"replies":[{"embeddable":true,"href":"https:\/\/schelphof.de\/wpnpz1\/wp-json\/wp\/v2\/comments?post=169"}],"version-history":[{"count":25,"href":"https:\/\/schelphof.de\/wpnpz1\/wp-json\/wp\/v2\/pages\/169\/revisions"}],"predecessor-version":[{"id":1362,"href":"https:\/\/schelphof.de\/wpnpz1\/wp-json\/wp\/v2\/pages\/169\/revisions\/1362"}],"up":[{"embeddable":true,"href":"https:\/\/schelphof.de\/wpnpz1\/wp-json\/wp\/v2\/pages\/160"}],"wp:attachment":[{"href":"https:\/\/schelphof.de\/wpnpz1\/wp-json\/wp\/v2\/media?parent=169"}],"curies":[{"name":"wp","href":"https:\/\/api.w.org\/{rel}","templated":true}]}}